{"id":59651,"date":"2026-03-27T19:20:05","date_gmt":"2026-03-28T02:20:05","guid":{"rendered":"https:\/\/westriveracademy.com\/?page_id=59651"},"modified":"2026-03-27T19:20:05","modified_gmt":"2026-03-28T02:20:05","slug":"ungraded-info","status":"publish","type":"page","link":"https:\/\/westriveracademy.com\/es\/ungraded-info\/","title":{"rendered":"Ungraded Enrollment Info"},"content":{"rendered":"<div class=\"wpb-content-wrapper\"><div data-vc-full-width=\"true\" data-vc-full-width-temp=\"true\" data-vc-full-width-init=\"false\" class=\"vc_row wpb_row vc_row-fluid global-pages enrollment sect2\"><div class=\"wpb_column vc_column_container vc_col-sm-12\"><div class=\"vc_column-inner\"><div class=\"wpb_wrapper\">\n\t<div class=\"wpb_text_column wpb_content_element global-h3 dblue\" >\n\t\t<div class=\"wpb_wrapper\">\n\t\t\t<h3 style=\"text-align: center;\">No todos los ni\u00f1os siguen un camino acad\u00e9mico tradicional.<\/h3>\n\n\t\t<\/div>\n\t<\/div>\n\n\t<div class=\"wpb_text_column wpb_content_element global-ptxt subgreytxt\" >\n\t\t<div class=\"wpb_wrapper\">\n\t\t\t<h4 class=\"hero-title\" style=\"text-align: center;\"><span style=\"color: #0a4968;\">Pero todo ni\u00f1o merece dignidad, protecci\u00f3n y reconocimiento de su trayectoria de aprendizaje.<\/span><\/h4>\n\n\t\t<\/div>\n\t<\/div>\n\n\t<div class=\"wpb_text_column wpb_content_element global-ptxt\" >\n\t\t<div class=\"wpb_wrapper\">\n\t\t\t<p style=\"text-align: center;\"><span style=\"color: #0a4968;\">Para la mayor\u00eda de los estudiantes, el recorrido educativo sigue una estructura basada en grados. Para algunos, no es as\u00ed. La Inscripci\u00f3n sin Certificaci\u00f3n de Grado es una v\u00eda protegida para estudiantes cuyas dificultades cognitivas merecen una estructura escolar construida en torno a qui\u00e9nes son, no a qui\u00e9nes el sistema espera que sean.<\/span><\/p>\n\n\t\t<\/div>\n\t<\/div>\n<\/div><\/div><\/div><\/div><div class=\"vc_row-full-width vc_clearfix\"><\/div><div data-vc-full-width=\"true\" data-vc-full-width-temp=\"true\" data-vc-full-width-init=\"false\" class=\"vc_row wpb_row vc_row-fluid enrollment-haq-sect vc_custom_1774557403527 vc_row-has-fill\"><div class=\"wpb_column vc_column_container vc_col-sm-12\"><div class=\"vc_column-inner\"><div class=\"wpb_wrapper\">\n\t<div class=\"wpb_text_column wpb_content_element global-h3 bluegreen\" >\n\t\t<div class=\"wpb_wrapper\">\n\t\t\t<h3 class=\"section-title\" style=\"text-align: center;\">\u00bfPara qui\u00e9n es esta v\u00eda?<\/h3>\n\n\t\t<\/div>\n\t<\/div>\n\n\t<div class=\"wpb_text_column wpb_content_element global-ptxt\" >\n\t\t<div class=\"wpb_wrapper\">\n\t\t\t<p style=\"text-align: center;\">Esta v\u00eda est\u00e1 dise\u00f1ada para estudiantes cuyas condiciones cognitivas o del desarrollo hacen que metas como completar un proyecto de graduaci\u00f3n, obtener un Diploma de Bachillerato o continuar hacia la educaci\u00f3n superior est\u00e9n fuera de su alcance \u2014 aun dentro de un modelo flexible y a su propio ritmo.<\/p>\n\n\t\t<\/div>\n\t<\/div>\n<div class=\"vc_empty_space\"   style=\"height: 32px\"><span class=\"vc_empty_space_inner\"><\/span><\/div><div class=\"vc_message_box vc_message_box-solid-icon vc_message_box-rounded vc_color-peacoc vc_do_message\" ><div class=\"vc_message_box-icon\"><i class=\"fa fa-solid fa-circle-info\"><\/i><\/div><p style=\"text-align: center;\">La lista a continuaci\u00f3n es un punto de partida, no una lista de verificaci\u00f3n. Si el diagn\u00f3stico de su hijo no aparece aqu\u00ed, eso no significa que no califique \u2014 lo que importa es si un profesional ha documentado que la progresi\u00f3n acad\u00e9mica no es viable para su hijo.<\/p>\n<\/div><div class=\"vc_empty_space\"   style=\"height: 32px\"><span class=\"vc_empty_space_inner\"><\/span><\/div><div class=\"vc_row wpb_row vc_inner vc_row-fluid\"><div class=\"wpb_column vc_column_container vc_col-sm-6\"><div class=\"vc_column-inner\"><div class=\"wpb_wrapper\">\n\t<div class=\"wpb_raw_code wpb_raw_html wpb_content_element\" >\n\t\t<div class=\"wpb_wrapper\">\n\t\t\t<style>\r\n.wra-diag-card{background:#ffffff;border:1px solid #e0e0e0;border-radius:10px;padding:1.5rem;font-family:'Catamaran',sans-serif;}\r\n.wra-diag-card-title{font-family:'Catamaran',sans-serif;font-size:18px;font-weight:700;color:#0a4968;text-transform:uppercase;letter-spacing:0.05em;margin:0 0 1.25rem;}\r\n.wra-diag-group{margin-bottom:1.25rem;}\r\n.wra-diag-group:last-of-type{margin-bottom:0;}\r\n.wra-diag-group-label{font-size:14px;letter-spacing:0.08em;text-transform:uppercase;color:#868ca0;margin-bottom:0.4rem;font-family:'Catamaran',sans-serif;font-weight:400;}\r\n.wra-diag-list{list-style:none;padding:0;margin:0;}\r\n.wra-diag-list li{font-size:16px;line-height:1.7;color:#444;padding:1px 0;display:flex;align-items:flex-start;gap:9px;font-family:'Catamaran',sans-serif;font-weight:300;}\r\n.wra-dot-yes{width:7px;height:7px;border-radius:50%;background:#50a0bb;margin-top:8px;flex-shrink:0;}\r\n.wra-dot-no{width:7px;height:7px;border-radius:50%;background:#c8a192;margin-top:8px;flex-shrink:0;}\r\n.wra-diag-ast{font-size:16px;color:#868ca0;}\r\n.wra-diag-spectrum-note{font-size:14px;color:#868ca0;line-height:1.6;margin-top:1.25rem;padding-top:0.75rem;border-top:1px solid #eeeeee;font-family:'Catamaran',sans-serif;}\r\n<\/style>\r\n\r\n<div class=\"wra-diag-card\">\r\n  <p class=\"wra-diag-card-title\">Diagn\u00f3sticos que pueden calificar<\/p>\r\n  <div class=\"wra-diag-group\">\r\n    <p class=\"wra-diag-group-label\">S\u00edndromes gen\u00e9ticos<\/p>\r\n    <ul class=\"wra-diag-list\">\r\n      <li><span class=\"wra-dot-yes\"><\/span>S\u00edndrome de Down<span class=\"wra-diag-ast\">*<\/span><\/li>\r\n      <li><span class=\"wra-dot-yes\"><\/span>S\u00edndrome X Fr\u00e1gil<span class=\"wra-diag-ast\">*<\/span><\/li>\r\n      <li><span class=\"wra-dot-yes\"><\/span>S\u00edndrome de Angelman<\/li>\r\n      <li><span class=\"wra-dot-yes\"><\/span>S\u00edndrome de Prader-Willi<span class=\"wra-diag-ast\">*<\/span><\/li>\r\n      <li><span class=\"wra-dot-yes\"><\/span>S\u00edndrome de Rett<\/li>\r\n      <li><span class=\"wra-dot-yes\"><\/span>S\u00edndrome de Cornelia de Lange<\/li>\r\n    <\/ul>\r\n  <\/div>\r\n  <div class=\"wra-diag-group\">\r\n    <p class=\"wra-diag-group-label\">Condiciones neurol\u00f3gicas<\/p>\r\n    <ul class=\"wra-diag-list\">\r\n      <li><span class=\"wra-dot-yes\"><\/span>Lesi\u00f3n cerebral traum\u00e1tica<span class=\"wra-diag-ast\">*<\/span><\/li>\r\n      <li><span class=\"wra-dot-yes\"><\/span>Epilepsia severa<span class=\"wra-diag-ast\">*<\/span><\/li>\r\n      <li><span class=\"wra-dot-yes\"><\/span>Complejo de Esclerosis Tuberosa<span class=\"wra-diag-ast\">*<\/span><\/li>\r\n      <li><span class=\"wra-dot-yes\"><\/span>Par\u00e1lisis cerebral<span class=\"wra-diag-ast\">*<\/span><\/li>\r\n    <\/ul>\r\n  <\/div>\r\n  <div class=\"wra-diag-group\">\r\n    <p class=\"wra-diag-group-label\">Del desarrollo y otras<\/p>\r\n    <ul class=\"wra-diag-list\">\r\n      <li><span class=\"wra-dot-yes\"><\/span>Discapacidad intelectual<\/li>\r\n      <li><span class=\"wra-dot-yes\"><\/span>Retraso global del desarrollo<\/li>\r\n      <li><span class=\"wra-dot-yes\"><\/span>Discapacidades m\u00faltiples con impacto cognitivo<\/li>\r\n      <li><span class=\"wra-dot-yes\"><\/span>Trastorno del Espectro Autista<span class=\"wra-diag-ast\">*<\/span><\/li>\r\n    <\/ul>\r\n  <\/div>\r\n  <p class=\"wra-diag-spectrum-note\">* con deterioro cognitivo documentado<\/p>\r\n<\/div>\n\t\t<\/div>\n\t<\/div>\n<div class=\"vc_empty_space\"   style=\"height: 16px\"><span class=\"vc_empty_space_inner\"><\/span><\/div><\/div><\/div><\/div><div class=\"wpb_column vc_column_container vc_col-sm-6\"><div class=\"vc_column-inner\"><div class=\"wpb_wrapper\">\n\t<div class=\"wpb_raw_code wpb_raw_html wpb_content_element\" >\n\t\t<div class=\"wpb_wrapper\">\n\t\t\t<div class=\"wra-diag-card\">\r\n  <p class=\"wra-diag-card-title\">Diagn\u00f3sticos que no califican<\/p>\r\n  <p style=\"font-size:14px;color:#555;line-height:1.7;margin:0 0 1rem;font-family:'Catamaran',sans-serif;font-weight:300;\">\r\n    La neurodivergencia por s\u00ed sola no significa que un ni\u00f1o no pueda seguir un camino acad\u00e9mico. Estos estudiantes permanecen en la Inscripci\u00f3n con Certificaci\u00f3n de Grado.\r\n  <\/p>\r\n  <ul class=\"wra-diag-list\">\r\n    <li><span class=\"wra-dot-no\"><\/span>TDAH<\/li>\r\n    <li><span class=\"wra-dot-no\"><\/span>Dislexia<\/li>\r\n    <li><span class=\"wra-dot-no\"><\/span>Discalculia<\/li>\r\n    <li><span class=\"wra-dot-no\"><\/span>Dispraxia<\/li>\r\n    <li><span class=\"wra-dot-no\"><\/span>Autismo Nivel 1<\/li>\r\n    <li><span class=\"wra-dot-no\"><\/span>Altas capacidades<\/li>\r\n  <\/ul>\r\n  <p style=\"font-size:14px;color:#868ca0;line-height:1.6;margin-top:0.75rem;font-family:'Catamaran',sans-serif;\">\r\n    Si su hijo tiene un diagn\u00f3stico que no aparece aqu\u00ed y no est\u00e1 seguro de qu\u00e9 v\u00eda aplica, nuestro equipo revisa cada caso de forma individual.\r\n  <\/p>\r\n<\/div>\n\t\t<\/div>\n\t<\/div>\n<\/div><\/div><\/div><\/div><div class=\"vc_row wpb_row vc_inner vc_row-fluid\"><div class=\"wpb_column vc_column_container vc_col-sm-12\"><div class=\"vc_column-inner\"><div class=\"wpb_wrapper\"><div class=\"vc_empty_space\"   style=\"height: 16px\"><span class=\"vc_empty_space_inner\"><\/span><\/div>\n\t<div class=\"wpb_text_column wpb_content_element global-ptxt\" >\n\t\t<div class=\"wpb_wrapper\">\n\t\t\t<p style=\"text-align: center;\">Un diagn\u00f3stico profesional es la forma m\u00e1s clara de determinar si esta v\u00eda es adecuada. Dicho esto, entendemos que algunas familias no han realizado un diagn\u00f3stico formal \u2014 ya sea por decisi\u00f3n propia o por circunstancias.<\/p>\n\n\t\t<\/div>\n\t<\/div>\n<\/div><\/div><\/div><\/div><div class=\"vc_empty_space\"   style=\"height: 32px\"><span class=\"vc_empty_space_inner\"><\/span><\/div><div class=\"vc_message_box vc_message_box-solid-icon vc_message_box-rounded vc_color-peacoc vc_do_message\" ><div class=\"vc_message_box-icon\"><i class=\"fa fa-solid fa-circle-info\"><\/i><\/div><p style=\"text-align: center;\">Si su hijo no tiene un diagn\u00f3stico formal, puede igualmente aplicar presentando una descripci\u00f3n escrita de los padres. Para ser considerada, esta descripci\u00f3n debe explicar por qu\u00e9 una progresi\u00f3n acad\u00e9mica no es posible para su hijo \u2014 por ejemplo, que no podr\u00eda completar un proyecto de graduaci\u00f3n, continuar hacia la educaci\u00f3n superior, ni avanzar hacia un Diploma de Bachillerato de ninguna manera significativa.<\/p>\n<p style=\"text-align: center;\">Todos los casos sin documentaci\u00f3n son revisados individualmente por nuestro equipo antes de confirmar la inscripci\u00f3n.<\/p>\n<\/div><div class=\"vc_empty_space\"   style=\"height: 32px\"><span class=\"vc_empty_space_inner\"><\/span><\/div><\/div><\/div><\/div><\/div><div class=\"vc_row-full-width vc_clearfix\"><\/div><div data-vc-full-width=\"true\" data-vc-full-width-temp=\"true\" data-vc-full-width-init=\"false\" class=\"vc_row wpb_row vc_row-fluid enrollment-haq-sect vc_custom_1774618424789 vc_row-has-fill vc_row-o-content-middle vc_row-flex\"><div class=\"wpb_column vc_column_container vc_col-sm-12\"><div class=\"vc_column-inner\"><div class=\"wpb_wrapper\">\n\t<div class=\"wpb_text_column wpb_content_element global-h3 bluegreen\" >\n\t\t<div class=\"wpb_wrapper\">\n\t\t\t<h3 style=\"text-align: center;\">Lo que WRA ofrece \u2014 y lo que no<\/h3>\n\n\t\t<\/div>\n\t<\/div>\n<div class=\"vc_row wpb_row vc_inner vc_row-fluid\"><div class=\"wpb_column vc_column_container vc_col-sm-6\"><div class=\"vc_column-inner\"><div class=\"wpb_wrapper\">\n\t<div class=\"wpb_raw_code wpb_raw_html wpb_content_element\" >\n\t\t<div class=\"wpb_wrapper\">\n\t\t\t<style>\r\n.wra-prov-card{background:#f4f0eb;border-radius:10px;padding:1.5rem;box-shadow:0 2px 12px rgba(10,73,104,0.08);font-family:'Catamaran',sans-serif;}\r\n.wra-prov-card-title{font-family:'Catamaran',sans-serif;font-size:18px;font-weight:700;text-transform:uppercase;letter-spacing:0.05em;margin:0 0 1.25rem;}\r\n.wra-prov-card-title.yes{color:#50a0bb;}\r\n.wra-prov-card-title.no{color:#c8a192;}\r\n.wra-prov-list{list-style:none;padding:0;margin:0;}\r\n.wra-prov-list li{font-size:16px;line-height:1.7;color:#444;padding:2px 0;display:flex;align-items:flex-start;gap:9px;font-family:'Catamaran',sans-serif;font-weight:300;}\r\n.wra-pdot-yes{width:7px;height:7px;border-radius:50%;background:#50a0bb;margin-top:8px;flex-shrink:0;}\r\n.wra-pdot-no{width:7px;height:7px;border-radius:50%;background:#c8a192;margin-top:8px;flex-shrink:0;}\r\n.wra-prov-ast-note{font-size:14px;color:#868ca0;line-height:1.6;margin-top:1rem;padding-top:0.75rem;border-top:1px solid #eeeeee;font-family:'Catamaran',sans-serif;}\r\n<\/style>\r\n\r\n<div class=\"wra-prov-card\">\r\n  <p class=\"wra-prov-card-title yes\">WRA ofrece<\/p>\r\n  <ul class=\"wra-prov-list\">\r\n    <li><span class=\"wra-pdot-yes\"><\/span>Inscripci\u00f3n oficial en una escuela privada acreditada en Estados Unidos<\/li>\r\n    <li><span class=\"wra-pdot-yes\"><\/span>Certificaci\u00f3n del recorrido educativo de su hijo, cualquiera sea la forma que tome<\/li>\r\n    <li><span class=\"wra-pdot-yes\"><\/span>A Certificate of Completion at the end of their path<\/li>\r\n    <li><span class=\"wra-pdot-yes\"><\/span>Una carta anual de inscripci\u00f3n que confirma el registro escolar<\/li>\r\n  <\/ul>\r\n<\/div>\n\t\t<\/div>\n\t<\/div>\n<div class=\"vc_empty_space\"   style=\"height: 16px\"><span class=\"vc_empty_space_inner\"><\/span><\/div><\/div><\/div><\/div><div class=\"wpb_column vc_column_container vc_col-sm-6\"><div class=\"vc_column-inner\"><div class=\"wpb_wrapper\">\n\t<div class=\"wpb_raw_code wpb_raw_html wpb_content_element\" >\n\t\t<div class=\"wpb_wrapper\">\n\t\t\t<div class=\"wra-prov-card\">\r\n  <p class=\"wra-prov-card-title no\">WRA no ofrece<\/p>\r\n  <ul class=\"wra-prov-list\">\r\n    <li><span class=\"wra-pdot-no\"><\/span>Clases, planes de estudio o materiales acad\u00e9micos<\/li>\r\n    <li><span class=\"wra-pdot-no\"><\/span>Calificaciones acad\u00e9micas ni ubicaci\u00f3n por nivel de grado<\/li>\r\n    <li><span class=\"wra-pdot-no\"><\/span>Transcripciones est\u00e1ndar *<\/li>\r\n    <li><span class=\"wra-pdot-no\"><\/span>Un Diploma de Bachillerato<\/li>\r\n    <li><span class=\"wra-pdot-no\"><\/span>Proyectos o requisitos de graduaci\u00f3n<\/li>\r\n  <\/ul>\r\n  <p class=\"wra-prov-ast-note\">* En casos espec\u00edficos y seg\u00fan las regulaciones locales, WRA puede considerar la emisi\u00f3n de transcripciones previo an\u00e1lisis individual con la familia.<\/p>\r\n<\/div>\n\t\t<\/div>\n\t<\/div>\n<\/div><\/div><\/div><\/div><\/div><\/div><\/div><\/div><div class=\"vc_row-full-width vc_clearfix\"><\/div><div data-vc-full-width=\"true\" data-vc-full-width-temp=\"true\" data-vc-full-width-init=\"false\" class=\"vc_row wpb_row vc_row-fluid enrollment-haq-sect vc_custom_1774561475087 vc_row-has-fill\"><div class=\"wpb_column vc_column_container vc_col-sm-12\"><div class=\"vc_column-inner\"><div class=\"wpb_wrapper\">\n\t<div class=\"wpb_text_column wpb_content_element global-h3 bluegreen\" >\n\t\t<div class=\"wpb_wrapper\">\n\t\t\t<h3 class=\"wra-h2\" style=\"text-align: center;\">C\u00f3mo funciona la inscripci\u00f3n<\/h3>\n\n\t\t<\/div>\n\t<\/div>\n\n\t<div class=\"wpb_text_column wpb_content_element global-ptxt\" >\n\t\t<div class=\"wpb_wrapper\">\n\t\t\t<p style=\"text-align: center;\">Dado que esta v\u00eda est\u00e1 dise\u00f1ada para estudiantes con necesidades cognitivas espec\u00edficas, la inscripci\u00f3n incluye un paso de revisi\u00f3n antes de activar su cuenta.<\/p>\n\n\t\t<\/div>\n\t<\/div>\n<div class=\"vc_empty_space\"   style=\"height: 32px\"><span class=\"vc_empty_space_inner\"><\/span><\/div><div class=\"vc_row wpb_row vc_inner vc_row-fluid vc_row-o-content-middle vc_row-flex\"><div class=\"wpb_column vc_column_container vc_col-sm-9\"><div class=\"vc_column-inner\"><div class=\"wpb_wrapper\">\n\t<div class=\"wpb_raw_code wpb_raw_html wpb_content_element\" >\n\t\t<div class=\"wpb_wrapper\">\n\t\t\t<style>\r\n.wra-steps-b-wrap{font-family:'Catamaran',sans-serif;}\r\n.wra-steps-b-grid{display:grid;grid-template-columns:1fr 1fr;gap:1rem;margin-bottom:1rem;}\r\n.wra-step-b{background:#f4f9fb;border-radius:10px;padding:1.25rem 1.5rem;}\r\n.wra-step-b-num{font-family:'Catamaran',cursive;font-size:60px;font-weight:700;color:#50a0bb;line-height:1;margin-bottom:0.4rem;}\r\n.wra-step-b p{font-size:18px;color:#444;line-height:1.6;margin:0;font-family:'Catamaran',sans-serif;font-weight:300;}\r\n\r\n@media(max-width:520px){.wra-steps-b-grid{grid-template-columns:1fr;}}\r\n<\/style>\r\n\r\n<div class=\"wra-steps-b-wrap\">\r\n  <div class=\"wra-steps-b-grid\">\r\n    <div class=\"wra-step-b\">\r\n      <div class=\"wra-step-b-num\">1<\/div>\r\n      <p>Complete el formulario de inscripci\u00f3n y describa la condici\u00f3n de su hijo.<\/p>\r\n    <\/div>\r\n    <div class=\"wra-step-b\">\r\n      <div class=\"wra-step-b-num\">2<\/div>\r\n      <p>Suba un diagn\u00f3stico profesional \u2014 o una descripci\u00f3n escrita de los padres si no existe un diagn\u00f3stico formal.<\/p>\r\n    <\/div>\r\n    <div class=\"wra-step-b\">\r\n      <div class=\"wra-step-b-num\">3<\/div>\r\n      <p>Complete el pago de la tarifa de inscripci\u00f3n.<\/p>\r\n    <\/div>\r\n    <div class=\"wra-step-b\">\r\n      <div class=\"wra-step-b-num\">4<\/div>\r\n      <p class=\"translation-block\">Su cuenta queda en <em>pendiente de revisi\u00f3n<\/em>. Nuestro equipo confirma la ubicaci\u00f3n antes de activar su cuenta.<\/p>\r\n    <\/div>\r\n  <\/div>\r\n<\/div>\n\t\t<\/div>\n\t<\/div>\n<div class=\"vc_empty_space\"   style=\"height: 16px\"><span class=\"vc_empty_space_inner\"><\/span><\/div>\n\t<div class=\"wpb_raw_code wpb_raw_html wpb_content_element\" >\n\t\t<div class=\"wpb_wrapper\">\n\t\t\t<style>\r\n.wra-review-b{background:#daeef5;border:1px solid #b8d8e4;border-radius:10px;padding:1.5rem;}\r\n.wra-review-b strong{display:block;font-size:12px;font-weight:700;color:#1a4a5e;text-transform:uppercase;letter-spacing:0.05em;margin-bottom:0.5rem;font-family:'Catamaran',sans-serif;}\r\n.wra-review-b p{font-size:15px;color:#1a3a4e;line-height:1.7;margin:0;font-family:'Catamaran',sans-serif;font-weight:300;}\r\n.wra-review-b p.review-note{font-size:14px;color:#2a6a7e;margin-top:1rem;padding-top:1rem;border-top:1px solid #b8d8e4;font-style:italic;}\r\n<\/style>\r\n\r\n<div class=\"wra-review-b\">\r\n  <strong>\u00bfQu\u00e9 sucede despu\u00e9s de la revisi\u00f3n?<\/strong>\r\n  <p>Si la documentaci\u00f3n respalda la Inscripci\u00f3n sin Certificaci\u00f3n de Grado, su cuenta ser\u00e1 activada. Si nuestro equipo determina que la Inscripci\u00f3n con Certificaci\u00f3n de Grado es m\u00e1s adecuada, alguien se pondr\u00e1 en contacto para explicar los siguientes pasos.<\/p>\r\n  <p class=\"review-note\">En cualquier caso, su hijo tiene un lugar en WRA \u2014 la revisi\u00f3n es para encontrar la v\u00eda adecuada, no para determinar si es aceptado.<\/p>\r\n<\/div>\n\t\t<\/div>\n\t<\/div>\n<\/div><\/div><\/div><div class=\"wpb_column vc_column_container vc_col-sm-3\"><div class=\"vc_column-inner\"><div class=\"wpb_wrapper\"><div class=\"vc_empty_space\"   style=\"height: 16px\"><span class=\"vc_empty_space_inner\"><\/span><\/div>\n\t<div  class=\"wpb_single_image wpb_content_element vc_align_center wpb_content_element\">\n\t\t\n\t\t<figure class=\"wpb_wrapper vc_figure\">\n\t\t\t<div class=\"vc_single_image-wrapper   vc_box_border_grey\"><img decoding=\"async\" width=\"287\" height=\"599\" src=\"https:\/\/westriveracademy.com\/wp-content\/uploads\/2026\/03\/ungraded-2.jpg\" class=\"vc_single_image-img attachment-full\" alt=\"ungraded 2\" title=\"ungraded 2\" srcset=\"https:\/\/westriveracademy.com\/wp-content\/uploads\/2026\/03\/ungraded-2.jpg 287w, https:\/\/westriveracademy.com\/wp-content\/uploads\/2026\/03\/ungraded-2-144x300.jpg 144w, https:\/\/westriveracademy.com\/wp-content\/uploads\/2026\/03\/ungraded-2-6x12.jpg 6w\" sizes=\"(max-width: 287px) 100vw, 287px\" loading=\"lazy\" \/><\/div>\n\t\t<\/figure>\n\t<\/div>\n<\/div><\/div><\/div><\/div><\/div><\/div><\/div><\/div><div class=\"vc_row-full-width vc_clearfix\"><\/div><div data-vc-full-width=\"true\" data-vc-full-width-temp=\"true\" data-vc-full-width-init=\"false\" class=\"vc_row wpb_row vc_row-fluid global-pages faq international sect2 vc_custom_1774618482256 vc_row-has-fill\"><div class=\"wpb_column vc_column_container vc_col-sm-12\"><div class=\"vc_column-inner\"><div class=\"wpb_wrapper\">\n\t<div class=\"wpb_text_column wpb_content_element global-h3 bluegreen\" >\n\t\t<div class=\"wpb_wrapper\">\n\t\t\t<h3 class=\"wra-h2\" style=\"text-align: center;\">Preguntas frecuentes<\/h3>\n\n\t\t<\/div>\n\t<\/div>\n<div class=\"vc_tta-container\" data-vc-action=\"collapseAll\"><div class=\"vc_general vc_tta vc_tta-accordion vc_tta-color-grey vc_tta-style-classic vc_tta-shape-rounded vc_tta-o-shape-group vc_tta-controls-align-default vc_tta-o-all-clickable\"><div class=\"vc_tta-panels-container\"><div class=\"vc_tta-panels\"><div class=\"vc_tta-panel\" id=\"neurodivergent\" data-vc-content=\".vc_tta-panel-body\"><div class=\"vc_tta-panel-heading\"><h4 class=\"vc_tta-panel-title vc_tta-controls-icon-position-right\"><a href=\"#neurodivergent\" data-vc-accordion data-vc-container=\".vc_tta-container\"><span class=\"vc_tta-title-text\">\u00bfLa Inscripci\u00f3n sin Certificaci\u00f3n de Grado es para todos los estudiantes neurodivergentes?<\/span><i class=\"vc_tta-controls-icon vc_tta-controls-icon-chevron\"><\/i><\/a><\/h4><\/div><div class=\"vc_tta-panel-body\">\n\t<div class=\"wpb_text_column wpb_content_element global-ptxt\" >\n\t\t<div class=\"wpb_wrapper\">\n\t\t\t<p>No. Muchos estudiantes neurodivergentes \u2014 incluyendo aquellos con TDAH, dislexia, autismo nivel 1 y otros \u2014 siguen un camino acad\u00e9mico est\u00e1ndar en WRA y permanecen en la Inscripci\u00f3n con Certificaci\u00f3n de Grado. Esta v\u00eda es espec\u00edficamente para estudiantes cuyas discapacidades cognitivas hacen que la progresi\u00f3n acad\u00e9mica no sea viable.<\/p>\n\n\t\t<\/div>\n\t<\/div>\n<\/div><\/div><div class=\"vc_tta-panel\" id=\"review\" data-vc-content=\".vc_tta-panel-body\"><div class=\"vc_tta-panel-heading\"><h4 class=\"vc_tta-panel-title vc_tta-controls-icon-position-right\"><a href=\"#review\" data-vc-accordion data-vc-container=\".vc_tta-container\"><span class=\"vc_tta-title-text\">\u00bfQu\u00e9 sucede si la revisi\u00f3n determina que mi hijo deber\u00eda estar en la Inscripci\u00f3n con Certificaci\u00f3n de Grado?<\/span><i class=\"vc_tta-controls-icon vc_tta-controls-icon-chevron\"><\/i><\/a><\/h4><\/div><div class=\"vc_tta-panel-body\">\n\t<div class=\"wpb_text_column wpb_content_element global-ptxt\" >\n\t\t<div class=\"wpb_wrapper\">\n\t\t\t<p>Significa que su hijo ser\u00e1 inscrito en el programa est\u00e1ndar K\u201312 de WRA, donde las familias contin\u00faan con su propio enfoque educativo \u2014 homeschooling, unschooling, aprendizaje basado en proyectos u cualquier otro m\u00e9todo \u2014 y nosotros certificamos ese recorrido de manera oficial. Si no est\u00e1 de acuerdo con la ubicaci\u00f3n, puede apelar directamente con nuestro equipo.<\/p>\n\n\t\t<\/div>\n\t<\/div>\n<\/div><\/div><div class=\"vc_tta-panel\" id=\"transcript\" data-vc-content=\".vc_tta-panel-body\"><div class=\"vc_tta-panel-heading\"><h4 class=\"vc_tta-panel-title vc_tta-controls-icon-position-right\"><a href=\"#transcript\" data-vc-accordion data-vc-container=\".vc_tta-container\"><span class=\"vc_tta-title-text\">\u00bfPuede mi hijo recibir una transcripci\u00f3n?<\/span><i class=\"vc_tta-controls-icon vc_tta-controls-icon-chevron\"><\/i><\/a><\/h4><\/div><div class=\"vc_tta-panel-body\">\n\t<div class=\"wpb_text_column wpb_content_element global-ptxt\" >\n\t\t<div class=\"wpb_wrapper\">\n\t\t\t<p>Las transcripciones est\u00e1ndar no forman parte de esta v\u00eda. Sin embargo, en casos espec\u00edficos y seg\u00fan las regulaciones locales, WRA puede evaluar su emisi\u00f3n de forma individual con la familia.<\/p>\n\n\t\t<\/div>\n\t<\/div>\n<\/div><\/div><div class=\"vc_tta-panel\" id=\"diploma\" data-vc-content=\".vc_tta-panel-body\"><div class=\"vc_tta-panel-heading\"><h4 class=\"vc_tta-panel-title vc_tta-controls-icon-position-right\"><a href=\"#diploma\" data-vc-accordion data-vc-container=\".vc_tta-container\"><span class=\"vc_tta-title-text\">Does Ungraded Enrollment lead to a diploma?<\/span><i class=\"vc_tta-controls-icon vc_tta-controls-icon-chevron\"><\/i><\/a><\/h4><\/div><div class=\"vc_tta-panel-body\">\n\t<div class=\"wpb_text_column wpb_content_element global-ptxt\" >\n\t\t<div class=\"wpb_wrapper\">\n\t\t\t<p>No. Students in Ungraded Enrollment receive a Certificate of Completion \u2014 a recognition of their learning journey that reflects their actual path.<\/p>\n\n\t\t<\/div>\n\t<\/div>\n<\/div><\/div><div class=\"vc_tta-panel\" id=\"graded-or-ungraded\" data-vc-content=\".vc_tta-panel-body\"><div class=\"vc_tta-panel-heading\"><h4 class=\"vc_tta-panel-title vc_tta-controls-icon-position-right\"><a href=\"#graded-or-ungraded\" data-vc-accordion data-vc-container=\".vc_tta-container\"><span class=\"vc_tta-title-text\">\u00bfC\u00f3mo s\u00e9 si mi hijo debe estar en la Inscripci\u00f3n con o sin Certificaci\u00f3n de Grado?<\/span><i class=\"vc_tta-controls-icon vc_tta-controls-icon-chevron\"><\/i><\/a><\/h4><\/div><div class=\"vc_tta-panel-body\">\n\t<div class=\"wpb_text_column wpb_content_element global-ptxt\" >\n\t\t<div class=\"wpb_wrapper\">\n\t\t\t<p>La pregunta clave es si su hijo podr\u00eda, de manera realista, trabajar hacia un proyecto de graduaci\u00f3n, un Diploma de Bachillerato o cualquier forma de educaci\u00f3n postsecundaria \u2014 incluso dentro de un modelo flexible y a su propio ritmo. Si la respuesta es no, la Inscripci\u00f3n sin Certificaci\u00f3n de Grado puede ser la v\u00eda adecuada. Si no est\u00e1 seguro, nuestro equipo puede revisar la situaci\u00f3n con usted antes de completar la inscripci\u00f3n.<\/p>\n\n\t\t<\/div>\n\t<\/div>\n<\/div><\/div><div class=\"vc_tta-panel\" id=\"diagnosis\" data-vc-content=\".vc_tta-panel-body\"><div class=\"vc_tta-panel-heading\"><h4 class=\"vc_tta-panel-title vc_tta-controls-icon-position-right\"><a href=\"#diagnosis\" data-vc-accordion data-vc-container=\".vc_tta-container\"><span class=\"vc_tta-title-text\">Mi hijo no tiene un diagn\u00f3stico formal. \u00bfPuede igualmente aplicar?<\/span><i class=\"vc_tta-controls-icon vc_tta-controls-icon-chevron\"><\/i><\/a><\/h4><\/div><div class=\"vc_tta-panel-body\">\n\t<div class=\"wpb_text_column wpb_content_element global-ptxt\" >\n\t\t<div class=\"wpb_wrapper\">\n\t\t\t<p>S\u00ed. En esos casos, una descripci\u00f3n escrita de los padres que explique por qu\u00e9 una trayectoria acad\u00e9mica no es posible para su hijo ser\u00e1 revisada por nuestro equipo. La inscripci\u00f3n se confirma \u00fanicamente despu\u00e9s de esa revisi\u00f3n.<\/p>\n\n\t\t<\/div>\n\t<\/div>\n<\/div><\/div><div class=\"vc_tta-panel\" id=\"gifted\" data-vc-content=\".vc_tta-panel-body\"><div class=\"vc_tta-panel-heading\"><h4 class=\"vc_tta-panel-title vc_tta-controls-icon-position-right\"><a href=\"#gifted\" data-vc-accordion data-vc-container=\".vc_tta-container\"><span class=\"vc_tta-title-text\">\u00bfEsta v\u00eda es para estudiantes con altas capacidades que est\u00e1n adelantados en su grado?<\/span><i class=\"vc_tta-controls-icon vc_tta-controls-icon-chevron\"><\/i><\/a><\/h4><\/div><div class=\"vc_tta-panel-body\">\n\t<div class=\"wpb_text_column wpb_content_element global-ptxt\" >\n\t\t<div class=\"wpb_wrapper\">\n\t\t\t<p>No. Las altas capacidades no califican para la Inscripci\u00f3n sin Certificaci\u00f3n de Grado. Los estudiantes acad\u00e9micamente avanzados permanecen en la Inscripci\u00f3n con Certificaci\u00f3n de Grado, ubicados cronol\u00f3gicamente por edad seg\u00fan la pol\u00edtica est\u00e1ndar de WRA.<\/p>\n\n\t\t<\/div>\n\t<\/div>\n<\/div><\/div><\/div><\/div><\/div><\/div><\/div><\/div><\/div><\/div><div class=\"vc_row-full-width vc_clearfix\"><\/div><div data-vc-full-width=\"true\" data-vc-full-width-temp=\"true\" data-vc-full-width-init=\"false\" class=\"vc_row wpb_row vc_row-fluid enrollment-haq-sect vc_custom_1774578865412 vc_row-has-fill\"><div class=\"wpb_column vc_column_container vc_col-sm-12\"><div class=\"vc_column-inner\"><div class=\"wpb_wrapper\">\n\t<div class=\"wpb_text_column wpb_content_element global-h3 bluegreen\" >\n\t\t<div class=\"wpb_wrapper\">\n\t\t\t<h3 class=\"wra-h2\" style=\"text-align: center;\">\u00bfNo est\u00e1 seguro de si esta es la v\u00eda adecuada?<\/h3>\n\n\t\t<\/div>\n\t<\/div>\n\n\t<div class=\"wpb_text_column wpb_content_element global-ptxt\" >\n\t\t<div class=\"wpb_wrapper\">\n\t\t\t<p style=\"text-align: center;\">Si tiene preguntas antes de completar su inscripci\u00f3n, estamos aqu\u00ed para ayudarle.<\/p>\n\n\t\t<\/div>\n\t<\/div>\n<div class=\"vc_empty_space\"   style=\"height: 32px\"><span class=\"vc_empty_space_inner\"><\/span><\/div><div class=\"vc_row wpb_row vc_inner vc_row-fluid\"><div class=\"wpb_column vc_column_container vc_col-sm-6\"><div class=\"vc_column-inner\"><div class=\"wpb_wrapper\">\n\t<div class=\"wpb_raw_code wpb_raw_html wpb_content_element\" >\n\t\t<div class=\"wpb_wrapper\">\n\t\t\t<style>\r\n.wra-support-card{background:#ffffff;border:1px solid #e0e0e0;border-radius:10px;padding:2rem;font-family:'Catamaran',sans-serif;height:100%;}\r\n.wra-support-label{font-size:14px;letter-spacing:0.12em;text-transform:uppercase;color:#868ca0;margin:0 0 0.5rem;font-family:'Catamaran',sans-serif;}\r\n.wra-support-title{font-family:'Catamaran',sans-serif;font-size:20px;font-weight:700;color:#0a4968;margin:0 0 0.75rem;letter-spacing:-0.01em;}\r\n.wra-support-desc{font-size:16px;color:#555;line-height:1.6;margin:0 0 1.25rem;font-family:'Catamaran',sans-serif;font-weight:300;}\r\n.wra-support-link{font-size:14px;color:#50a0bb;text-decoration:none;font-family:'Catamaran',sans-serif;font-weight:500;}\r\n.wra-support-link:hover{color:#0a4968;}\r\n<\/style>\r\n\r\n<div class=\"wra-support-card\">\r\n  <p class=\"wra-support-label\">Consulta gratuita de 15 minutos<\/p>\r\n  <p class=\"wra-support-title\">Converse con nuestro equipo<\/p>\r\n  <p class=\"wra-support-desc\">Agende una consulta gratuita de 15 minutos con un miembro de nuestro equipo antes de decidir.<\/p>\r\n  <a class=\"wra-support-link\" href=\"https:\/\/westriveracademy.com\/es\/schedule-a-call\/\" target=\"_blank\">Agendar una consulta \u2192<\/a>\r\n<\/div>\n\t\t<\/div>\n\t<\/div>\n<div class=\"vc_empty_space\"   style=\"height: 16px\"><span class=\"vc_empty_space_inner\"><\/span><\/div><\/div><\/div><\/div><div class=\"wpb_column vc_column_container vc_col-sm-6\"><div class=\"vc_column-inner\"><div class=\"wpb_wrapper\">\n\t<div class=\"wpb_raw_code wpb_raw_html wpb_content_element\" >\n\t\t<div class=\"wpb_wrapper\">\n\t\t\t<div class=\"wra-support-card\">\r\n  <p class=\"wra-support-label\">\u00bfPrefiere escribir?<\/p>\r\n  <p class=\"wra-support-title\">Env\u00edenos un mensaje<\/p>\r\n  <p class=\"wra-support-desc\">Explique su situaci\u00f3n por escrito y nos pondremos en contacto con usted directamente.<\/p>\r\n  <a class=\"wra-support-link\" href=\"https:\/\/westriveracademy.com\/es\/contact-us\/\" target=\"_blank\">Cont\u00e1ctenos \u2192<\/a>\r\n<\/div>\n\t\t<\/div>\n\t<\/div>\n<\/div><\/div><\/div><\/div><\/div><\/div><\/div><\/div><div class=\"vc_row-full-width vc_clearfix\"><\/div><div data-vc-full-width=\"true\" data-vc-full-width-temp=\"true\" data-vc-full-width-init=\"false\" class=\"vc_row wpb_row vc_row-fluid vc_custom_1774563574694 vc_row-has-fill\"><div class=\"wpb_column vc_column_container vc_col-sm-12\"><div class=\"vc_column-inner\"><div class=\"wpb_wrapper\">\n\t<div class=\"wpb_raw_code wpb_raw_html wpb_content_element vc_custom_1774664396661\" >\n\t\t<div class=\"wpb_wrapper\">\n\t\t\t<style>\r\n.wra-cta-block{background:#0f3347;border-radius:10px;overflow:hidden;max-width:860px;margin:0 auto;width:100%;font-family:'Catamaran',sans-serif;}\r\n.wra-cta-top{padding:2.5rem 2.5rem 2rem;text-align:center;}\r\n.wra-cta-label{font-size:12px;font-weight:700;letter-spacing:0.12em;text-transform:uppercase;color:rgba(255,255,255,0.4);margin:0 0 1rem;}\r\n.wra-cta-main{font-size:22px;font-weight:700;color:#ffffff;margin:0;line-height:1.35;}\r\n.wra-cta-band{background:#1a7a7a;padding:1rem 2.5rem;text-align:center;}\r\n.wra-cta-band p{font-size:16px;font-weight:700;color:#ffffff;margin:0;letter-spacing:0.02em;}\r\n.wra-cta-bottom{padding:1.5rem 2.5rem 2rem;text-align:center;}\r\n.wra-cta-note{font-size:14px;color:rgba(255,255,255,0.5);margin:0 0 1rem;line-height:1.7;}\r\n.wra-cta-refund{font-size:11px;color:rgba(255,255,255,0.25);margin:0;}\r\n.wra-cta-refund a{color:rgba(255,255,255,0.35);text-decoration:underline;}\r\n<\/style>\r\n\r\n<div class=\"wra-cta-block\">\r\n  <div class=\"wra-cta-top\">\r\n    <p class=\"wra-cta-label\">Ha le\u00eddo todo.<\/p>\r\n    <p class=\"wra-cta-main\">Si esta es la v\u00eda adecuada para su hijo,<br> est\u00e1 listo para continuar.<\/p>\r\n  <\/div>\r\n  <div class=\"wra-cta-band\">\r\n    <p>Close this page and return to the portal to complete your enrollment.<\/p>\r\n  <\/div>\r\n  <div class=\"wra-cta-bottom\">\r\n\r\n    <p class=\"wra-cta-refund translation-block\">Las tarifas de inscripci\u00f3n no son reembolsables. <a href=\"https:\/\/westriveracademy.com\/es\/refund-policy\/\" target=\"_blank\">Lea nuestra pol\u00edtica de reembolso.<\/a><\/p>\r\n  <\/div>\r\n<\/div>\n\t\t<\/div>\n\t<\/div>\n<div class=\"vc_empty_space\"   style=\"height: 40px\"><span class=\"vc_empty_space_inner\"><\/span><\/div><\/div><\/div><\/div><\/div><div class=\"vc_row-full-width vc_clearfix\"><\/div>\n<\/div>","protected":false},"excerpt":{"rendered":"Not every child is on a traditional academic path. But every child deserves dignity, protection, and recognition of their learning journey. For most students, the educational journey follows a grade-based structure. For some, it doesn't. Ungraded Enrollment is a protected pathway for students whose cognitive challenges deserve a school structure built around who they are, [...]","protected":false},"author":13,"featured_media":0,"parent":0,"menu_order":0,"comment_status":"closed","ping_status":"closed","template":"","meta":{"_acf_changed":false,"footnotes":""},"class_list":["post-59651","page","type-page","status-publish","hentry"],"acf":[],"_links":{"self":[{"href":"https:\/\/westriveracademy.com\/es\/wp-json\/wp\/v2\/pages\/59651","targetHints":{"allow":["GET"]}}],"collection":[{"href":"https:\/\/westriveracademy.com\/es\/wp-json\/wp\/v2\/pages"}],"about":[{"href":"https:\/\/westriveracademy.com\/es\/wp-json\/wp\/v2\/types\/page"}],"author":[{"embeddable":true,"href":"https:\/\/westriveracademy.com\/es\/wp-json\/wp\/v2\/users\/13"}],"replies":[{"embeddable":true,"href":"https:\/\/westriveracademy.com\/es\/wp-json\/wp\/v2\/comments?post=59651"}],"version-history":[{"count":1,"href":"https:\/\/westriveracademy.com\/es\/wp-json\/wp\/v2\/pages\/59651\/revisions"}],"predecessor-version":[{"id":59652,"href":"https:\/\/westriveracademy.com\/es\/wp-json\/wp\/v2\/pages\/59651\/revisions\/59652"}],"wp:attachment":[{"href":"https:\/\/westriveracademy.com\/es\/wp-json\/wp\/v2\/media?parent=59651"}],"curies":[{"name":"wp","href":"https:\/\/api.w.org\/{rel}","templated":true}]}}